{"id":6867,"date":"2023-07-10T01:21:18","date_gmt":"2023-07-10T01:21:18","guid":{"rendered":"https:\/\/test.cristianomichelangeli.com\/cantus\/?post_type=dt_portfolio&#038;p=6867"},"modified":"2023-07-10T01:36:56","modified_gmt":"2023-07-10T01:36:56","slug":"graeco-latina-musica","status":"publish","type":"dt_portfolio","link":"https:\/\/test.cristianomichelangeli.com\/cantus\/project\/graeco-latina-musica\/","title":{"rendered":"Ad Te Levavi"},"content":{"rendered":"<p><strong>AD TE LEVAVI<br \/>\n<\/strong><br \/>\nCANTI LITURGICI NEI REPERTORI ITALICI<\/p>\n<p>I PICCOLI ROMEI DI SAN MICHELE ARCANGELO<\/p>\n<p>diretti da<\/p>\n<p>FABRIZIO MASTROIANNI<\/p>\n<p align=\"center\">Soliste<br \/>\nAnna Bianchini &#8211; Ariel Bigatti &#8211; Valeria Gigli<br \/>\nRoberta Scuto &#8211; Giorgia Savazzi &#8211; Anastasia Pecorari<\/p>\n<p align=\"center\">\u00a0Con la partecipazione di<\/p>\n<p><strong>GIACOMO BAROFFIO<br \/>\n<\/strong><strong>MAURO AGOSTO<\/strong><\/p>\n<p>&nbsp;<\/p>\n<p align=\"center\">e di<br \/>\nEun Ju Kim &#8211; Nikolaos Mengos &#8211; Mauro Presazzi<\/p>\n<p align=\"center\">Collaboratori del coro<br \/>\nElisabetta Ferri &#8211; Filippo Proietti &#8211; Vincenzo Scarafile<\/p>\n<p>&nbsp;<\/p>\n<p align=\"center\">\u00a9 Associazione San Michele Arcangelo 2007<br \/>\nRegistrato fra il novembre 2006 e il novembre 2007 presso<br \/>\nla Sala Consiliare del Municipio di Stroncone (TR)<br \/>\nl\u2019abbazia di Sant\u2019Eutizio di Preci in Val Castoriana (PG)<br \/>\nla parrocchia di S.Andrea Apostolo di Faverzano di Offlaga (BS)<br \/>\nRegistrazione effettuata da Alessandro Mazzoni<br \/>\nper \u201cA.J.D.A. lab\u201d &#8211; Terni<\/p>\n<p>Alla pubblicazione del CD hanno contribuito<br \/>\n<strong>Comune di Stroncone &#8211; CARIT S.p.A.<br \/>\n<\/strong><strong>Fondazione Cassa di Risparmio di Terni e Narni<\/strong><\/p>\n<p>Canti Gregoriani e di altre tradizioni liturgiche italiche<\/p>\n<p><strong><em>Brani da ascoltare<br \/>\n<\/em><\/strong><br \/>\n<a href=\"https:\/\/www.cantusgregorianus.it\/mp3\/adtelevavi\/Paradoxon%20mysterion_MA.mp3\">04.\u00a0<em>Par\u00e1doxon myst\u1ebfrion<\/em><\/a>, MA &#8211; 1\u2019.49\u201d<br \/>\n<a href=\"https:\/\/www.cantusgregorianus.it\/mp3\/adtelevavi\/Kymathi%20talassis_MA_PR.mp3\">15.\u00a0<em>K\u00fdmati thal\u00e1sses<\/em><\/a>, MA e PR \u2013 1\u2019.18\u201d<br \/>\n<a href=\"https:\/\/www.cantusgregorianus.it\/mp3\/adtelevavi\/Alleluia%20Pascha%20nostrum_PR.mp3\">18.\u00a0<em>Alleluia. Pascha nostrum<\/em><\/a>, PR &#8211; 2\u2019.05\u201d<br \/>\n<a href=\"https:\/\/www.cantusgregorianus.it\/mp3\/adtelevavi\/Viri%20Galilaei_GB.mp3\">22.\u00a0<em>Viri Galilaei<\/em><\/a>, GB &#8211; 0\u2019.56\u201d<br \/>\n<a href=\"https:\/\/www.cantusgregorianus.it\/mp3\/adtelevavi\/Vir%20Dei%20Eutitius_GB.mp3\">30.\u00a0<em>Vir Dei Eutitius<\/em><\/a>, GB &#8211; 0\u2019.45\u201d<br \/>\n<a href=\"https:\/\/www.cantusgregorianus.it\/mp3\/adtelevavi\/Clementissime...%20Eutitie_GB.mp3\">33.\u00a0<em>Clementissime&#8230; Eutitie<\/em><\/a>, GB &#8211; 1\u2019.02\u201d<br \/>\n<a href=\"https:\/\/www.cantusgregorianus.it\/mp3\/adtelevavi\/Benedicite%20Dominum_PR.mp3\">35.\u00a0<em>Benedicite Dominum<\/em><\/a>, PR &#8211; 1\u2019.45\u201d<br \/>\n<a href=\"https:\/\/www.cantusgregorianus.it\/mp3\/adtelevavi\/Laus%20Trinitati_PR.mp3\">39.\u00a0<em>Laus Trinitati<\/em><\/a>, PR &#8211; 1\u2019.10\u201d<\/p>\n<h2><strong>Interpreti<\/strong><\/h2>\n<p>&nbsp;<\/p>\n<p><strong>MA<\/strong>\u00a0= Mauro Agosto\u00a0\u00a0\u00a0\u00a0\u00a0\u00a0\u00a0\u00a0\u00a0\u00a0\u00a0\u00a0\u00a0\u00a0<strong>GB<\/strong>\u00a0= Giacomo Baroffio<br \/>\n<strong>NM<\/strong>\u00a0= Nikolaos Mengos\u00a0\u00a0\u00a0\u00a0\u00a0\u00a0\u00a0\u00a0\u00a0\u00a0\u00a0<strong>MP<\/strong>\u00a0= Mauro Presazzi<br \/>\n<strong>PR<\/strong>\u00a0\u00a0= I Piccoli Romei di San Michele Arcangelo, direttore Fabrizio Mastroianni<strong><br \/>\n<\/strong>\u00a0\u00a0\u00a0\u00a0\u00a0\u00a0\u00a0\u00a0 Eun Ju Kim ha diretto il\u00a0<em>Kyrie. Qui passurus,<\/em><\/p>\n<p>Fanno parte del coro dei Piccoli Romei &#8211; o ne hanno fatto parte &#8211; anche<br \/>\nLorenza Alessandrini &#8211; Virginia Alessandrini &#8211; Alessio Barzagli &#8211; Alessia Bea &#8211; Eugenia Bea<br \/>\nGaia Bigatti &#8211; Alessandra Britos &#8211; Alessia Britos &#8211; Marta Camiciola &#8211; Francesca Diamanti<br \/>\nFederico Mangoni &#8211; Anna Massini &#8211; Vittoria Pecorari &#8211; Alessandra Piemontese<br \/>\nChiara Rossi &#8211; Federica Rossi &#8211; Lucia Rossi &#8211; Raffaela Tessitore<br \/>\nBenedetta Torelli &#8211; Elisabetta Vendetti<\/p>\n<p align=\"center\">\n<p>&nbsp;<\/p>\n<p align=\"center\"><strong>AD TE LEVAVI<br \/>\n<\/strong><br \/>\nCANTI LITURGICI NEI REPERTORI ITALICI<\/p>\n<p>&nbsp;<\/p>\n<p>\u201cAd te levavi\u201d\u00a0 &#8211; canto d&#8217;ingresso (introito) della I domenica d&#8217;avvento &#8211; pu\u00f2 essere considerato un\u2019introduzione generale all\u2019intero anno liturgico (sottolineata dall\u2019iniziale \u201cA\u201d), con la sua promessa di salvezza per colui che si abbandona a D-i-o con fede.<br \/>\nLa presenta antologia propone una serie di canti liturgici: non solo introiti \u2013 scelti fra quelli introdotti da alcune delle pi\u00f9 belle miniature presenti nei Corali di Stroncone \u2013 ma anche alleluia, communio e l\u2019offertorio\u00a0<em>Ave Maria<\/em>. Dall\u2019abbazia di sant\u2019Eutizio vengono alcuni brani delle liturgie per il santo fondatore, e il suggestivo\u00a0<em>Kyrie Qui passurus.\u00a0<\/em>La melodia di questo brano ricalca un modulo di cantillazione della tradizione ebraica babilonese del libro dell\u2019Esodo. A suggerire come le Chiese unite e, purtroppo, in seguito separate, per secoli abbiano cantato (pi\u00f9 di quanto a volte si pensi) la fede con un unico linguaggio, compaiono alcuni brani delle liturgie orientali cantati in lingua greca, in parte confrontati con loro elaborazioni in lingua latina secondo la sensibilit\u00e0 milanese, beneventana e romana. Chiude il CD un canto di Ildegarda di Bingen (<strong>\u2020<\/strong>\u00a01179).<br \/>\nI brani si susseguono seguendo il filo conduttore dell\u2019anno liturgico, nei cicli del Temporale e del Santorale, perch\u00e9 \u00e8 attraverso la celebrazione dei santi misteri che il credente \u00e8 educato all\u2019ascolto della Voce e della Parola. Soltanto in tal modo si diventa docili al soffio dello Spirito. E si trova la forza di seguire il Verbo, abbreviato nella carne, nel rivivere il suo ministero evangelizzatore, la sua passione sacrificale, la sua risurrezione gloriosa fino a partecipare al banchetto dell\u2019Agnello. Nella sobria ebbrezza dello Spirito che si effonde attraverso la preghiera in poesia e i canti della liturgia.<\/p>\n<p>La diffusione di dischi con canti gregoriani eseguiti da cori di persone adulte (monaci, cantori professionisti, gruppi dilettanti) ha contribuito a radicare l\u2019opinione che il repertorio liturgico sia destinato a soli adulti. Testimonianze disseminate lungo tutta la storia della liturgia e della sua musica rivelano, al contrario, una costante e forte presenza di\u00a0<em>pueri cantores<\/em>\u00a0quali protagonisti primari nelle azioni liturgiche. Le voci\u00a0<em>bianche<\/em>\u00a0dei ragazzi oblati o allievi delle scuole cattedrali si sono sempre unite a quelle dei monaci e dei canonici nel servizio liturgico. Ai\u00a0<em>pueri<\/em>\u00a0erano riservate parti corali e solistiche di grande rilevanza musicale come i responsori processionali a Vercelli o i responsori\u00a0<em>cum infantibus<\/em>\u00a0della Chiesa milanese. Notevole, per ricordare un fatto storico-istituzionale, la diffusione delle apposite \u201cscuole eugeniane\u201d promosse da papa Eugenio IV (1435-46). Da non dimenticare l\u2019impegno nel canto gregoriano e, soprattutto, nelle esecuzioni polifoniche del\u00a0<em>Coro del Concilio<\/em>\u00a0formato a Trento da don Lorenzo Feininger.<br \/>\nNon deve perci\u00f2 destare meraviglia che anche oggi si formino cori di giovanissimi cantori, fanciulli e\/o fanciulle, che si dedichino al servizio liturgico con un impegno mirato a far risuonare il canto gregoriano nelle nostre liturgie. Sono queste le voci che prolungano le risonanze del salmo (8) con cui il cantore Davide riconosce la bellezza e l\u2019autenticit\u00e0 della lode che si eleva a D-i-o dalla bocca e dal cuore degli\u00a0<em>infantes<\/em>\u00a0e dei\u00a0<em>lactantes<\/em>.<\/p>\n<p>&nbsp;<\/p>\n<p><strong>TEMPORALE<\/strong><\/p>\n<p>&nbsp;<\/p>\n<p>01.\u00a0<em>Ad te levavi<\/em>,\u00a0<strong>PR<\/strong>\u00a0&#8211; 1\u2019.02\u201d<br \/>\nIntroito, Modo VIII. I domenica d\u2019avvento.<br \/>\nTesto da\u00a0<em>Psalmus 24, 1-4. Graduale Triplex<\/em>.<\/p>\n<p>&nbsp;<\/p>\n<p>02.\u00a0<em>Ecce virgo<\/em>,\u00a0<strong>PR<\/strong>\u00a0&#8211; 0\u2019.44\u201d<br \/>\nCommunio, Modo I. IV domenica d\u2019avvento.<br \/>\nTesto da\u00a0<em>Is. 7, 14. Graduale Triplex<\/em>.<\/p>\n<p>03.\u00a0<em>Puer natus est<\/em>,\u00a0<strong>PR<\/strong>\u00a0&#8211; 2\u2019.02\u201d<br \/>\nIntroito. Modo VII. Natale, Messa del giorno.<br \/>\nTesto da\u00a0<em>Is. 9, 6. Graduale Triplex.<\/em><\/p>\n<p>&nbsp;<\/p>\n<p>04.\u00a0<em>Par\u00e1doxon myst\u1ebfrion<\/em>,\u00a0<strong>MA<\/strong>\u00a0&#8211; 1\u2019.49\u201d<br \/>\nDoxastik\u00f3n degli Ap\u00f3sticha delle lodi. Modo plagale del IV. 27 dicembre.<br \/>\nTesto di Giovanni monaco. Ms.\u00a0<em>Dalassenos<\/em>\u00a0(<em>Cod. Vindobonensis Theol. Gr. 181, 99r<\/em>\u00a0(sec. XIII<sup>1<\/sup>)<\/p>\n<p>05.\u00a0<em>Ecce advenit<\/em>, PR &#8211; 0\u2019.44\u201d<br \/>\nIntroito. Modo II. Epifania. Testo da\u00a0<em>Mal. 3, 1; I Chron. 29, 12; Psalmus 71, 1, 10, 11. Graduale Triplex<\/em>.<\/p>\n<p>06.\u00a0<em>Aqua comburit,\u00a0<\/em>PR &#8211;\u00a0<em>\u00a0<\/em>0\u2019.18\u201d<br \/>\nAntifona. Modo VII. Epifania. Ms.<em>\u00a0<\/em><em>Benevento, Bibl. Capit. 22, 96<sup>ra<\/sup><\/em>\u00a0(sec. XII<sup>2<\/sup>)<\/p>\n<p>07.\u00a0<em>All\u0113lo\u00faia,\u00a0<\/em>MA e MP (<em>ison<\/em>) &#8211;\u00a0<em>\u00a0<\/em>0\u2019.56\u201d<br \/>\nAlleluia per il salmo invitatorio del mattutino. Luned\u00ec santo.\u00a0<em>Melodia bizantina tradizionale<br \/>\n<\/em><br \/>\n08.\u00a0<em>Ido\u00f9 ho Nymph\u00edos \u00e9rchetai<\/em>, MA e MP (<em>ison<\/em>) &#8211;\u00a0<em>\u00a0<\/em>3\u2019.00\u201d<br \/>\nTropario caratteristico del mattutino. Luned\u00ec santo.\u00a0<em>Melodia bizantina tradizionale.<br \/>\n<\/em><br \/>\n09.\u00a0<em>Adoramus crucem tuam<\/em>, PR &#8211; 0\u2019.20\u201d<br \/>\nAntifona per l\u2019adorazione della croce. Venerd\u00ec santo. Tradizione milanese. Ms.\u00a0<em>London, British Library, Add. 34209, 248<\/em>\u00a0(sec. XII<sup>in<\/sup>)<\/p>\n<p>10.\u00a0<em>Proskyno\u00fbmen ton staur\u00f3n sou<\/em>, MA \u2013 1\u2019.02\u201d<br \/>\nI antifona per l\u2019adorazione della Croce. Modo II. Venerd\u00ec santo. Tradizione beneventana. Ms.\u00a0<em>Benevento, Bibl. Capit. 40, 10<sup>v<\/sup><\/em>\u00a0(sec. XI<sup>m<\/sup>). Trascr. di R-J. \u00a0Hesbert (<em>Pal\u00e9ographie musicale<\/em>\u00a0XIV, 174)<\/p>\n<p>11.\u00a0<em>Laudamus te Christe<\/em>, PR &#8211; 0\u2019.22\u201d<br \/>\nAntifona per l\u2019adorazione della croce. Venerd\u00ec santo. Tradizione milanese. Ms.\u00a0<em>London, British\u00a0<\/em><em>Library<\/em><em>, Add. 34209, 248<\/em>\u00a0(sec. XII<sup>in<\/sup>)<\/p>\n<p>12.\u00a0<em>Aino\u00fbm\u00e9n se, Christ\u00e9<\/em>, MA e NM (<em>ison<\/em>) &#8211; 1\u2019.32<br \/>\nIII antifona per l\u2019adorazione della Croce. Modo II. Venerd\u00ec santo. Tradizione beventana. Ms.\u00a0<em>Benevento, Bibl. Capit. 40, 11<\/em><sup>\u00a0<\/sup>(sec. XI<sup>m<\/sup>). Trascr. di R.-J. Hesbert (<em>Pal\u00e9ographie musicale<\/em>\u00a0XIV, 176)<\/p>\n<p>13.\u00a0<em>H\u00f3tan t\u1ed7 staur\u1ed7<\/em>, MA e MP (<em>ison<\/em>) &#8211; 4\u2019.43\u201d<br \/>\nSecondo idiomelo dell\u2019ora nona. Modo II. Venerd\u00ec santo. Tradizione bizantina. Testo attribuito a Sofronio di Gerusalemme (560-683). Ms.\u00a0<em>Benevento, Bibl. Capit. 38, 42<sup>r<\/sup><\/em>\u00a0(sec. XI). Trascr. di R.-J. Hesbert (<em>Pal\u00e9ographie musicale<\/em>\u00a0XIV, 170)<\/p>\n<p>14.\u00a0<em>O quando in cruce<\/em>, GB &#8211; 2\u2019.24\u201d<br \/>\nAntifona. Venerd\u00ec santo. Questa recensione latina del brano precedente (nr. 13) \u00e8 tratta da un messale di area romano-laziale. Essa presenta la melodia pi\u00f9 vicina ai modelli bizantini. Ms.<em>Norcia, Archivio Storico Comunale, ANM 1612, coperta<\/em><\/p>\n<p>15.\u00a0<em>K\u00fdmati thal\u00e1ss\u0113s<\/em>, MA e PR \u2013 1\u2019.18\u201d<br \/>\nHirm\u00f3s del Canone per il mattutino. Sabato santo.\u00a0<em>Melodia bizantina tradizionale<br \/>\n<\/em><br \/>\n16.\u00a0<em>Domine, post passionem tuam<\/em>, GB &#8211; 4\u2019.02\u201d<br \/>\nResponsorio della preghiera notturna. Sabato santo. Repertorio locale di Roma (canto romano-antico). Ms.\u00a0<em>Citt\u00e0 del Vaticano, Bibl. Apostolica Vaticana, Archivio Capitolo S. Pietro B 79, 102<sup>r<\/sup><\/em>(sec. XII\u00a0<sup>4\/4<\/sup>)<\/p>\n<p>17.\u00a0<em>Resurrexi<\/em>, PR &#8211; 2\u2019.48\u201d<br \/>\nIntroito. Modo IV. Pasqua, Messa del giorno. Testo da\u00a0<em>Psalmus 138, 18, 5, 6 et 1.2<\/em>.\u00a0<em>Graduale Triplex<br \/>\n<\/em><br \/>\n18.\u00a0<em>Alleluia. Pascha nostrum<\/em>, PR &#8211; 2\u2019.05\u201d<br \/>\nAlleluia. Modo VII. Pasqua, Messa del giorno. Testo da\u00a0<em>1 Cor. 5, 7. Graduale Triplex<br \/>\n<\/em><br \/>\n19.\u00a0<em>Wayyikra moshe<\/em>, GB \u2013 0\u2019.21\u201d<br \/>\nCantillazione ebraico-babilonese del Libro dell\u2019Esodo (inizio). Trascr. Abraham Zvi Idelsohn<\/p>\n<p>20.\u00a0<em>Kyrie. Qui passurus<\/em>, PR (direzione Eun Ju Kim) &#8211; 3\u2019.35\u201d<br \/>\nTropo conclusivo dell\u2019ufficio delle Tenebre. Triduo sacro. Ms.\u00a0<em>Roma, Bibl. Vallicelliana C 13, 396vb<\/em>, proveniente da Sant\u2019Eutizio di Preci, sex. XII<\/p>\n<p>21.\u00a0<em>Cantate Domino<\/em>, GB &#8211; 1\u2019.21\u201d<br \/>\nCommunio. Modo II. Sabato III settimana di Pasqua. Testo da\u00a0<em>Psalmus 95, 2<\/em>.\u00a0<em>Graduale Triplex<br \/>\n<\/em><br \/>\n22.\u00a0<em>Viri Galilaei<\/em>, GB &#8211; 0\u2019.56\u201d<br \/>\nIntroito. Modo VII. Ascensione. Testo da\u00a0<em>Act. 1, 11<\/em>.\u00a0<em>Graduale Triplex<br \/>\n<\/em><br \/>\n23.\u00a0<em>Alleluia. Dominus in Sina<\/em>, GB &#8211; 2\u2019.10\u201d<br \/>\nAlleluia. Modo VIII. Ascensione. Testo da\u00a0<em>Psalmus 67, 18, 19<\/em>.\u00a0<em>Graduale Triplex<br \/>\n<\/em><br \/>\n24.\u00a0<em>Spiritus Sanctus docebit vos<\/em>, GB &#8211; 0\u2019.28\u201d<br \/>\nCommunio. Modo VIII. VI settimana di Pasqua. Testo da\u00a0<em>Io. 14, 26<\/em>.\u00a0<em>Graduale Triplex<br \/>\n<\/em><br \/>\n25.\u00a0<em>Spiritus qui a Patre<\/em>, GB &#8211; 0\u2019.24\u201d<br \/>\nCommunio. Modo VIII. VI settimana di Pasqua. Testo da\u00a0<em>Io. 15, 26\u00a0; 16, 14\u00a0; 17, 1, 5<\/em>.\u00a0<em>Graduale Triplex<br \/>\n<\/em><br \/>\n26.\u00a0<em>Modicum et non videbitis<\/em>, GB &#8211; 0\u2019.45\u201d<br \/>\nCommunio. Modo VIII. VI settimana di Pasqua. Testo da\u00a0<em>Io. 16, 16<\/em>.\u00a0<em>Graduale Triplex.<br \/>\n<\/em><strong><br \/>\nSANTORALE<\/strong><\/p>\n<p>27.\u00a0<em>Dominus secus<\/em>, PR &#8211; 2\u2019.23\u201d<br \/>\nIntroito. Modo I. Sant\u2019Andrea. Testo da\u00a0<em>Mt. 4, 18, 19; Psalmus 18<\/em>.\u00a0<em>Graduale Triplex.<br \/>\n<\/em><br \/>\n28.\u00a0<em>Statuit ei Dominus<\/em>, PR &#8211; 0\u2019.53\u201d<br \/>\nIntroito. Modo I. San Nicola da Bari. Testo da\u00a0<em>Sir. 45, 30; Psalmus 131<\/em>.\u00a0<em>Graduale Triplex<br \/>\n<\/em><\/p>\n<p>29.\u00a0<em>In medio ecclesiae<\/em>, PR &#8211; 2\u2019.00\u201d<br \/>\nIntroito. Modo VI. San Giovanni Evangelista. Testo da\u00a0<em>Sir. 15, 5; Psalmus 91. Graduale Triplex.<br \/>\n<\/em><br \/>\n30.\u00a0<em>Vir Dei Eutitius<\/em>, GB &#8211; 0\u2019.45\u201d<br \/>\nIntroito. Modo VIII. San Benedetto, adattatatto per sant\u2019Eutizio da F. Mastroianni. Testo dal ms\u00a0<em>Roma, Bibl. Vallicelliana B 8, 224v<\/em>. Melodia\u00a0:\u00a0<em>Graduale Triplex<br \/>\n<\/em><br \/>\n31.\u00a0<em>Alleluia. Disposui testamentum<\/em>, PR &#8211; 1\u2019.38\u201d<br \/>\nAlleluia. Modo II. Comune dei Santi. Per sant\u2019Eutizio in\u00a0<em>Roma, Bibl. Vallicelliana. B 8, 224v<\/em>. Testo da\u00a0<em>Psalmus 88, 4.\u00a0<\/em>Melodia.\u00a0<em>Graduale Triplex<br \/>\n<\/em><br \/>\n32.\u00a0<em>In valle sancta Domini<\/em>, PR &#8211; 3\u2019.07\u201d<br \/>\nInno. Testo in\u00a0<em>Roma, Bibl. Vallicelliana F 92, 103r<\/em>, proveniente da Sant\u2019Eutizio di Preci, sec. XII<sup>in<\/sup>\u00a0<em>\u00a0<\/em>(prima parte). Melodia dell\u2019inno pasquale\u00a0<em>Aurora lucis rutilat.<br \/>\n<\/em><br \/>\n33.\u00a0<em>Clementissime&#8230; Eutitie<\/em>, GB &#8211; 1\u2019.02\u201d<br \/>\nAntifona al Magnificat.<em>\u00a0Ms Roma, Bibl. Vallicelliana C 5, 301r<\/em>; proveniente da Sant\u2019Eutizio di Preci, sex. XI<sup>ex<\/sup>-XII<sup>in<\/sup>\u00a0.<\/p>\n<p>34.\u00a0<em>De ventre matris<\/em>, PR &#8211; 2\u2019.37\u201d<br \/>\nIntroito. Modo I. San Giovanni Battista. Testo da\u00a0<em>Is. 49. 1.2; Psalmus 91. Graduale Triplex<br \/>\n<\/em><br \/>\n35.\u00a0<em>Benedicite Dominum<\/em>, PR &#8211; 1\u2019.45\u201d<br \/>\nIntroito. Modo III. San Michele Arcangelo. Testo da\u00a0<em>Psalmus 102, 20<\/em>.\u00a0<em>Graduale Triplex<\/em>,<\/p>\n<p>36.\u00a0<em>Ave Maria<\/em>, PR &#8211; 6\u2019.27.<br \/>\nOffertorio.<em>\u00a0<\/em>Modo VIII. Comune della Vergine Maria. Testo da\u00a0<em>Lc. 1, 28. 42. Offertoriale Triplex<\/em>\u00a0(Ms.\u00a0<em>Montpellier, Fac. De M\u00e9dicine, H 159, 144r<\/em>), sec. XI.<\/p>\n<p>37.\u00a0<em>Sub tuum praesidium<\/em>, PR &#8211; 0\u2019.46\u201d<br \/>\nAntifona. Modo VII. Vergine Maria.\u00a0<em>Antiphonale Monasticum<br \/>\n<\/em><br \/>\n38.\u00a0<em>Dilexisti iustitiam<\/em>, PR &#8211; 2\u2019.03\u201d<br \/>\nIntroito. Modo VIII.<em>\u00a0<\/em>Comune delle Vergini. Testo da\u00a0<em>Psalmus 44, 8 et 2. Graduale Triplex<br \/>\n<\/em><br \/>\n39.\u00a0<em>Laus Trinitati<\/em>, PR &#8211; 1\u2019.10\u201d<br \/>\nCarme di Ildegarda di Bingen. Ms<em>\u00a0gi\u00e0 Wiesbaden, Hessische Landesbibl. 2<\/em>, Rupertsberg 1180-90<\/p>\n","protected":false},"excerpt":{"rendered":"<p>AD TE LEVAVI CANTI LITURGICI NEI REPERTORI ITALICI I PICCOLI ROMEI DI SAN MICHELE ARCANGELO diretti da FABRIZIO MASTROIANNI Soliste Anna Bianchini &#8211; Ariel Bigatti &#8211; Valeria Gigli Roberta Scuto &#8211; Giorgia Savazzi &#8211; Anastasia Pecorari \u00a0Con la partecipazione di GIACOMO BAROFFIO MAURO AGOSTO &nbsp; e di Eun Ju Kim &#8211; Nikolaos Mengos &#8211; Mauro&hellip;<\/p>\n","protected":false},"author":1,"featured_media":6870,"comment_status":"open","ping_status":"closed","template":"","dt_portfolio_category":[36],"dt_portfolio_tags":[],"class_list":["post-6867","dt_portfolio","type-dt_portfolio","status-publish","has-post-thumbnail","hentry","dt_portfolio_category-produzioni-cd","dt_portfolio_category-36","description-off"],"_links":{"self":[{"href":"https:\/\/test.cristianomichelangeli.com\/cantus\/wp-json\/wp\/v2\/dt_portfolio\/6867","targetHints":{"allow":["GET"]}}],"collection":[{"href":"https:\/\/test.cristianomichelangeli.com\/cantus\/wp-json\/wp\/v2\/dt_portfolio"}],"about":[{"href":"https:\/\/test.cristianomichelangeli.com\/cantus\/wp-json\/wp\/v2\/types\/dt_portfolio"}],"author":[{"embeddable":true,"href":"https:\/\/test.cristianomichelangeli.com\/cantus\/wp-json\/wp\/v2\/users\/1"}],"replies":[{"embeddable":true,"href":"https:\/\/test.cristianomichelangeli.com\/cantus\/wp-json\/wp\/v2\/comments?post=6867"}],"version-history":[{"count":9,"href":"https:\/\/test.cristianomichelangeli.com\/cantus\/wp-json\/wp\/v2\/dt_portfolio\/6867\/revisions"}],"predecessor-version":[{"id":6899,"href":"https:\/\/test.cristianomichelangeli.com\/cantus\/wp-json\/wp\/v2\/dt_portfolio\/6867\/revisions\/6899"}],"wp:featuredmedia":[{"embeddable":true,"href":"https:\/\/test.cristianomichelangeli.com\/cantus\/wp-json\/wp\/v2\/media\/6870"}],"wp:attachment":[{"href":"https:\/\/test.cristianomichelangeli.com\/cantus\/wp-json\/wp\/v2\/media?parent=6867"}],"wp:term":[{"taxonomy":"dt_portfolio_category","embeddable":true,"href":"https:\/\/test.cristianomichelangeli.com\/cantus\/wp-json\/wp\/v2\/dt_portfolio_category?post=6867"},{"taxonomy":"dt_portfolio_tags","embeddable":true,"href":"https:\/\/test.cristianomichelangeli.com\/cantus\/wp-json\/wp\/v2\/dt_portfolio_tags?post=6867"}],"curies":[{"name":"wp","href":"https:\/\/api.w.org\/{rel}","templated":true}]}}